{"id":162,"date":"2020-06-26T17:53:54","date_gmt":"2020-06-26T17:53:54","guid":{"rendered":"https:\/\/themekreativ.com\/parezy\/?page_id=162"},"modified":"2024-10-20T13:10:32","modified_gmt":"2024-10-20T13:10:32","slug":"nasz-zespol","status":"publish","type":"page","link":"http:\/\/happy-way.pl\/index.php\/nasz-zespol\/","title":{"rendered":"Nasz Zesp\u00f3\u0142"},"content":{"rendered":"\t\t<div data-elementor-type=\"wp-page\" data-elementor-id=\"162\" class=\"elementor elementor-162\">\n\t\t\t\t\t\t<div class=\"elementor-inner\">\n\t\t\t\t<div class=\"elementor-section-wrap\">\n\t\t\t\t\t\t\t\t\t<section class=\"elementor-section elementor-top-section elementor-element elementor-element-7864ac72 elementor-section-stretched elementor-section-full_width elementor-section-height-default elementor-section-height-default cd-bg-color-transparent\" data-id=\"7864ac72\" data-element_type=\"section\" data-settings=\"{&quot;stretch_section&quot;:&quot;section-stretched&quot;}\">\n\t\t\t\t\t\t<div class=\"elementor-container elementor-column-gap-no\">\n\t\t\t\t\t\t\t<div class=\"elementor-row\">\n\t\t\t\t\t<div class=\"elementor-column elementor-col-100 elementor-top-column elementor-element elementor-element-649edd28 cd-bg-color-transparent\" data-id=\"649edd28\" data-element_type=\"column\">\n\t\t\t<div class=\"elementor-column-wrap elementor-element-populated\">\n\t\t\t\t\t\t\t<div class=\"elementor-widget-wrap\">\n\t\t\t\t\t\t<div class=\"elementor-element elementor-element-756a8db elementor-widget elementor-widget-slider_revolution\" data-id=\"756a8db\" data-element_type=\"widget\" data-widget_type=\"slider_revolution.default\">\n\t\t\t\t<div class=\"elementor-widget-container\">\n\t\t\t\n\t\t<div class=\"wp-block-themepunch-revslider\">\n\t\t\t<!-- START NaszZespol_Slider REVOLUTION SLIDER 6.5.19 --><p class=\"rs-p-wp-fix\"><\/p>\n\t\t\t<rs-module-wrap id=\"rev_slider_2_1_wrapper\" data-source=\"gallery\" style=\"visibility:hidden;background:transparent;padding:0;margin:0px auto;margin-top:0;margin-bottom:0;\">\n\t\t\t\t<rs-module id=\"rev_slider_2_1\" style=\"\" data-version=\"6.5.19\">\n\t\t\t\t\t<rs-slides>\n\t\t\t\t\t\t<rs-slide style=\"position: absolute;\" data-key=\"rs-3\" data-title=\"Slide\" data-in=\"o:0;\" data-out=\"a:false;\">\n\t\t\t\t\t\t\t<img decoding=\"async\" src=\"\/\/happy-way.pl\/wp-content\/plugins\/revslider\/public\/assets\/assets\/dummy.png\" alt=\"Slide\" title=\"Nasz Zesp\u00f3\u0142\" class=\"rev-slidebg tp-rs-img rs-lazyload\" data-lazyload=\"\/\/happy-way.pl\/wp-content\/plugins\/revslider\/public\/assets\/assets\/transparent.png\" data-bg=\"c:#fdf5f2;\" data-parallax=\"off\" data-no-retina>\n<!--\n\t\t\t\t\t\t\t--><rs-layer\n\t\t\t\t\t\t\t\tid=\"slider-2-slide-3-layer-0\" \n\t\t\t\t\t\t\t\tdata-type=\"text\"\n\t\t\t\t\t\t\t\tdata-color=\"#323663\"\n\t\t\t\t\t\t\t\tdata-rsp_ch=\"on\"\n\t\t\t\t\t\t\t\tdata-xy=\"y:m;\"\n\t\t\t\t\t\t\t\tdata-text=\"w:normal;s:70,45,34,16;l:80,51,38,18;fw:800;\"\n\t\t\t\t\t\t\t\tdata-frame_0=\"x:-50px,-32px,-24px,-11px;\"\n\t\t\t\t\t\t\t\tdata-frame_1=\"st:1250;sp:500;\"\n\t\t\t\t\t\t\t\tdata-frame_999=\"o:0;st:w;\"\n\t\t\t\t\t\t\t\tstyle=\"z-index:10;font-family:'Baloo 2';\"\n\t\t\t\t\t\t\t>Nasz Zesp\u00f3\u0142 \n\t\t\t\t\t\t\t<\/rs-layer><!--\n\n\t\t\t\t\t\t\t--><rs-layer\n\t\t\t\t\t\t\t\tid=\"slider-2-slide-3-layer-36\" \n\t\t\t\t\t\t\t\tdata-type=\"image\"\n\t\t\t\t\t\t\t\tdata-rsp_ch=\"on\"\n\t\t\t\t\t\t\t\tdata-xy=\"x:r;xo:116px,-10px,-7px,-14px;y:m,b,b,b;yo:20px,-50px,-38px,0;\"\n\t\t\t\t\t\t\t\tdata-text=\"w:normal;s:20,12,9,4;l:0,16,12,6;\"\n\t\t\t\t\t\t\t\tdata-dim=\"w:974px,630px,544px,317px;h:493px,319px,378px,220px;\"\n\t\t\t\t\t\t\t\tdata-basealign=\"slide\"\n\t\t\t\t\t\t\t\tdata-frame_0=\"x:50px,32px,24px,11px;\"\n\t\t\t\t\t\t\t\tdata-frame_1=\"st:1000;sp:500;sR:1000;\"\n\t\t\t\t\t\t\t\tdata-frame_999=\"o:0;st:w;sR:7500;\"\n\t\t\t\t\t\t\t\tstyle=\"z-index:8;\"\n\t\t\t\t\t\t\t><img fetchpriority=\"high\" decoding=\"async\" src=\"\/\/happy-way.pl\/wp-content\/plugins\/revslider\/public\/assets\/assets\/dummy.png\" alt=\"\" class=\"tp-rs-img rs-lazyload\" width=\"1500\" height=\"760\" data-lazyload=\"\/\/happy-way.pl\/wp-content\/uploads\/2022\/06\/NaszZespol_obr2.png\" data-no-retina> \n\t\t\t\t\t\t\t<\/rs-layer><!--\n-->\t\t\t\t\t\t<\/rs-slide>\n\t\t\t\t\t<\/rs-slides>\n\t\t\t\t\t<rs-static-layers><!--\n\t\t\t\t\t--><\/rs-static-layers>\n\t\t\t\t<\/rs-module>\n\t\t\t\t<script>\n\t\t\t\t\tsetREVStartSize({c: 'rev_slider_2_1',rl:[1240,1024,778,480],el:[400,600,480,370],gw:[1580,1023,778,380],gh:[400,300,180,170],type:'standard',justify:'',layout:'fullwidth',mh:\"0\"});if (window.RS_MODULES!==undefined && window.RS_MODULES.modules!==undefined && window.RS_MODULES.modules[\"revslider21\"]!==undefined) {window.RS_MODULES.modules[\"revslider21\"].once = false;window.revapi2 = undefined;if (window.RS_MODULES.checkMinimal!==undefined) window.RS_MODULES.checkMinimal()}\n\t\t\t\t<\/script>\n\t\t\t<\/rs-module-wrap>\n\t\t\t<!-- END REVOLUTION SLIDER -->\n<\/div>\n\n\t\t\t\t<\/div>\n\t\t\t\t<\/div>\n\t\t\t\t\t\t<\/div>\n\t\t\t\t\t<\/div>\n\t\t<\/div>\n\t\t\t\t\t\t\t\t<\/div>\n\t\t\t\t\t<\/div>\n\t\t<\/section>\n\t\t\t\t<section class=\"elementor-section elementor-top-section elementor-element elementor-element-3d8ac99 elementor-section-stretched elementor-section-boxed elementor-section-height-default elementor-section-height-default cd-bg-color-transparent\" data-id=\"3d8ac99\" data-element_type=\"section\" data-settings=\"{&quot;stretch_section&quot;:&quot;section-stretched&quot;}\">\n\t\t\t\t\t\t<div class=\"elementor-container elementor-column-gap-default\">\n\t\t\t\t\t\t\t<div class=\"elementor-row\">\n\t\t\t\t\t<div class=\"elementor-column elementor-col-33 elementor-top-column elementor-element elementor-element-90bc73b cd-bg-color-transparent\" data-id=\"90bc73b\" data-element_type=\"column\">\n\t\t\t<div class=\"elementor-column-wrap\">\n\t\t\t\t\t\t\t<div class=\"elementor-widget-wrap\">\n\t\t\t\t\t\t\t\t<\/div>\n\t\t\t\t\t<\/div>\n\t\t<\/div>\n\t\t\t\t<div class=\"elementor-column elementor-col-66 elementor-top-column elementor-element elementor-element-a815e20 cd-bg-color-transparent\" data-id=\"a815e20\" data-element_type=\"column\">\n\t\t\t<div class=\"elementor-column-wrap elementor-element-populated\">\n\t\t\t\t\t\t\t<div class=\"elementor-widget-wrap\">\n\t\t\t\t\t\t<div class=\"elementor-element elementor-element-43a1fda elementor-widget elementor-widget-heading\" data-id=\"43a1fda\" data-element_type=\"widget\" data-widget_type=\"heading.default\">\n\t\t\t\t<div class=\"elementor-widget-container\">\n\t\t\t<style>\/*! elementor - v3.18.0 - 20-12-2023 *\/\n.elementor-heading-title{padding:0;margin:0;line-height:1}.elementor-widget-heading .elementor-heading-title[class*=elementor-size-]>a{color:inherit;font-size:inherit;line-height:inherit}.elementor-widget-heading .elementor-heading-title.elementor-size-small{font-size:15px}.elementor-widget-heading .elementor-heading-title.elementor-size-medium{font-size:19px}.elementor-widget-heading .elementor-heading-title.elementor-size-large{font-size:29px}.elementor-widget-heading .elementor-heading-title.elementor-size-xl{font-size:39px}.elementor-widget-heading .elementor-heading-title.elementor-size-xxl{font-size:59px}<\/style><h2 class=\"elementor-heading-title elementor-size-default\">lek. Edyta Brzegowa-Marsza\u0142ek<\/h2>\t\t<\/div>\n\t\t\t\t<\/div>\n\t\t\t\t<div class=\"elementor-element elementor-element-c322c92 elementor-widget elementor-widget-text-editor\" data-id=\"c322c92\" data-element_type=\"widget\" data-widget_type=\"text-editor.default\">\n\t\t\t\t<div class=\"elementor-widget-container\">\n\t\t\t<style>\/*! elementor - v3.18.0 - 20-12-2023 *\/\n.elementor-widget-text-editor.elementor-drop-cap-view-stacked .elementor-drop-cap{background-color:#69727d;color:#fff}.elementor-widget-text-editor.elementor-drop-cap-view-framed .elementor-drop-cap{color:#69727d;border:3px solid;background-color:transparent}.elementor-widget-text-editor:not(.elementor-drop-cap-view-default) .elementor-drop-cap{margin-top:8px}.elementor-widget-text-editor:not(.elementor-drop-cap-view-default) .elementor-drop-cap-letter{width:1em;height:1em}.elementor-widget-text-editor .elementor-drop-cap{float:left;text-align:center;line-height:1;font-size:50px}.elementor-widget-text-editor .elementor-drop-cap-letter{display:inline-block}<\/style>\t\t\t\t\t<div class=\"elementor-text-editor elementor-clearfix\">\n\t\t\t\t<p style=\"text-align: justify; text-indent: 35.3pt; margin: 0cm 0cm 18.75pt 0cm;\"><span style=\"color: #0a0a0a;\">Specjalista psychiatrii dzieci i m\u0142odzie\u017cy. Studia medyczne uko\u0144czy\u0142a w 2015r. na I Wydziale Lekarskim z Oddzia\u0142em Stomatologicznym Uniwersytetu Medycznego w Lublinie. W lutym 2017r. rozpocz\u0119\u0142a specjalizacj\u0119 z psychiatrii dzieci i m\u0142odzie\u017cy w Dziennym Oddziale Rehabilitacji Psychiatrycznej Dzieci i M\u0142odzie\u017cy przy KSW nr 2 w Rzeszowie odbywaj\u0105c liczne sta\u017ce, zgodnie z programem specjalizacji. Do\u015bwiadczenie zdobywa\u0142a tak\u017ce podczas sta\u017cu w Oddziale Klinicznym Wieku Rozwojowego w SPDSK w Warszawie. Tytu\u0142 specjalisty w dziedzinie psychiatrii dzieci i m\u0142odzie\u017cy uzyska\u0142a w kwietniu 2022r.\u00a0<\/span><\/p><p style=\"text-align: justify; text-indent: 35.3pt; margin: 0cm 0cm 18.75pt 0cm;\"><span style=\"color: #0a0a0a;\">Do\u015bwiadczenie w diagnostyce ma\u0142ego dziecka w kierunku spektrum autyzmu zdobywa\u0142a pracuj\u0105c w renomowanych specjalistycznych o\u015brodkach diagnostycznych: Poradni Autyzmu Dzieci SPZOZ nr 1 w Rzeszowie oraz Stowarzyszeniu SOLIS RADIUS w Rzeszowie. Ponadto uczestniczy\u0142a w konferencji \u201eBadabada\u201d Programu Wczesnego Wykrywania Autyzmu organizowanego przez Fundacj\u0119 SYNAPSIS w Warszawie.<\/span><\/p><p style=\"text-align: justify; text-indent: 35.3pt; margin: 0cm 0cm 18.75pt 0cm;\"><span style=\"color: #0a0a0a;\">Obecnie pracuje w Klinicznym Oddziale Psychiatrii dla Dzieci i M\u0142odzie\u017cy w \u0141a\u0144cucie. Stale wsp\u00f3\u0142pracuje z psychologami, psychoterapeutami oraz lekarzami innych specjalizacji, tak aby pom\u00f3c ka\u017cdemu pacjentowi, jak najlepiej. Swoj\u0105 wiedz\u0119 wzbogaca udzia\u0142em w konferencjach psychiatrycznych.<\/span><\/p><p style=\"text-align: justify; text-indent: 35.3pt; margin: 0cm 0cm 18.75pt 0cm;\"><span style=\"color: #0a0a0a;\">Zakres pracy obejmuje diagnostyk\u0119 i leczenie zaburze\u0144 psychotycznych, od\u017cywiania, l\u0119kowych, nastroju, obsesyjno-kompulsyjnych. Specjalizuje si\u0119 w pomocy pacjentom zmagaj\u0105cym si\u0119 z ca\u0142o\u015bciowymi zaburzeniami rozwoju, zespo\u0142em nadpobudliwo\u015bci psychoruchowej oraz zaburzeniami koncentracji.<\/span><\/p>\t\t\t\t\t<\/div>\n\t\t\t\t\t\t<\/div>\n\t\t\t\t<\/div>\n\t\t\t\t\t\t<\/div>\n\t\t\t\t\t<\/div>\n\t\t<\/div>\n\t\t\t\t\t\t\t\t<\/div>\n\t\t\t\t\t<\/div>\n\t\t<\/section>\n\t\t\t\t<section class=\"elementor-section elementor-top-section elementor-element elementor-element-2c35eb3 elementor-section-stretched elementor-section-boxed elementor-section-height-default elementor-section-height-default cd-bg-color-transparent\" data-id=\"2c35eb3\" data-element_type=\"section\" data-settings=\"{&quot;stretch_section&quot;:&quot;section-stretched&quot;}\">\n\t\t\t\t\t\t<div class=\"elementor-container elementor-column-gap-default\">\n\t\t\t\t\t\t\t<div class=\"elementor-row\">\n\t\t\t\t\t<div class=\"elementor-column elementor-col-33 elementor-top-column elementor-element elementor-element-513e5e1 cd-bg-color-transparent\" data-id=\"513e5e1\" data-element_type=\"column\">\n\t\t\t<div class=\"elementor-column-wrap\">\n\t\t\t\t\t\t\t<div class=\"elementor-widget-wrap\">\n\t\t\t\t\t\t\t\t<\/div>\n\t\t\t\t\t<\/div>\n\t\t<\/div>\n\t\t\t\t<div class=\"elementor-column elementor-col-66 elementor-top-column elementor-element elementor-element-0b2002e cd-bg-color-transparent\" data-id=\"0b2002e\" data-element_type=\"column\">\n\t\t\t<div class=\"elementor-column-wrap elementor-element-populated\">\n\t\t\t\t\t\t\t<div class=\"elementor-widget-wrap\">\n\t\t\t\t\t\t<div class=\"elementor-element elementor-element-7925304 elementor-widget elementor-widget-heading\" data-id=\"7925304\" data-element_type=\"widget\" data-widget_type=\"heading.default\">\n\t\t\t\t<div class=\"elementor-widget-container\">\n\t\t\t<h2 class=\"elementor-heading-title elementor-size-default\">lek. Ewa Chlebu\u015b<\/h2>\t\t<\/div>\n\t\t\t\t<\/div>\n\t\t\t\t<div class=\"elementor-element elementor-element-052a88e elementor-widget elementor-widget-text-editor\" data-id=\"052a88e\" data-element_type=\"widget\" data-widget_type=\"text-editor.default\">\n\t\t\t\t<div class=\"elementor-widget-container\">\n\t\t\t\t\t\t\t\t<div class=\"elementor-text-editor elementor-clearfix\">\n\t\t\t\t<p style=\"text-align: justify; text-indent: 35.3pt; margin: 0cm 0cm 18.75pt 0cm;\"><span style=\"color: #0a0a0a;\">Specjalistka psychiatrii dzieci i m\u0142odzie\u017cy. W 2015 roku uko\u0144czy\u0142a Wydzia\u0142 Lekarski Uniwersytetu Medycznego w Lublinie. Szkolenie specjalizacyjne odbywa\u0142a w Klinicznym Oddziale Psychiatrii dla Dzieci i M\u0142odzie\u017cy w \u0141a\u0144cucie, gdzie pracuje w oddziale i w poradni. Dy\u017curuje w Oddziale Psychiatrycznym SPZZOZ Nowa D\u0119ba. Certyfikowany diagnosta ADOS-2. Dodatkowo prowadzi zaj\u0119cia z psychiatrii dzieci i m\u0142odzie\u017cy dla kierunku pedagogika specjalna na Uniwersytecie Rzeszowskim oraz pracuje jako konsultant Zespo\u0142u Orzekaj\u0105cego Poradni Psychologiczno-Pedagogicznej nr 1 w Rzeszowie.\t\t\t\t\t<\/div>\n\t\t\t\t\t\t<\/div>\n\t\t\t\t<\/div>\n\t\t\t\t\t\t<\/div>\n\t\t\t\t\t<\/div>\n\t\t<\/div>\n\t\t\t\t\t\t\t\t<\/div>\n\t\t\t\t\t<\/div>\n\t\t<\/section>\n\t\t\t\t<section class=\"elementor-section elementor-top-section elementor-element elementor-element-afb8193 elementor-section-stretched elementor-section-boxed elementor-section-height-default elementor-section-height-default cd-bg-color-transparent\" data-id=\"afb8193\" data-element_type=\"section\" data-settings=\"{&quot;stretch_section&quot;:&quot;section-stretched&quot;}\">\n\t\t\t\t\t\t<div class=\"elementor-container elementor-column-gap-default\">\n\t\t\t\t\t\t\t<div class=\"elementor-row\">\n\t\t\t\t\t<div class=\"elementor-column elementor-col-100 elementor-top-column elementor-element elementor-element-e249b57 cd-bg-color-transparent\" data-id=\"e249b57\" data-element_type=\"column\">\n\t\t\t<div class=\"elementor-column-wrap\">\n\t\t\t\t\t\t\t<div class=\"elementor-widget-wrap\">\n\t\t\t\t\t\t\t\t<\/div>\n\t\t\t\t\t<\/div>\n\t\t<\/div>\n\t\t\t\t\t\t\t\t<\/div>\n\t\t\t\t\t<\/div>\n\t\t<\/section>\n\t\t\t\t<section class=\"elementor-section elementor-top-section elementor-element elementor-element-84adb02 elementor-section-stretched elementor-section-boxed elementor-section-height-default elementor-section-height-default cd-bg-color-transparent\" data-id=\"84adb02\" data-element_type=\"section\" data-settings=\"{&quot;stretch_section&quot;:&quot;section-stretched&quot;}\">\n\t\t\t\t\t\t<div class=\"elementor-container elementor-column-gap-default\">\n\t\t\t\t\t\t\t<div class=\"elementor-row\">\n\t\t\t\t\t<div class=\"elementor-column elementor-col-33 elementor-top-column elementor-element elementor-element-e0b6592 cd-bg-color-transparent\" data-id=\"e0b6592\" data-element_type=\"column\">\n\t\t\t<div class=\"elementor-column-wrap\">\n\t\t\t\t\t\t\t<div class=\"elementor-widget-wrap\">\n\t\t\t\t\t\t\t\t<\/div>\n\t\t\t\t\t<\/div>\n\t\t<\/div>\n\t\t\t\t<div class=\"elementor-column elementor-col-66 elementor-top-column elementor-element elementor-element-20cb6e8 cd-bg-color-transparent\" data-id=\"20cb6e8\" data-element_type=\"column\">\n\t\t\t<div class=\"elementor-column-wrap elementor-element-populated\">\n\t\t\t\t\t\t\t<div class=\"elementor-widget-wrap\">\n\t\t\t\t\t\t<div class=\"elementor-element elementor-element-e7ba264 elementor-widget elementor-widget-heading\" data-id=\"e7ba264\" data-element_type=\"widget\" data-widget_type=\"heading.default\">\n\t\t\t\t<div class=\"elementor-widget-container\">\n\t\t\t<h2 class=\"elementor-heading-title elementor-size-default\">Mgr In\u017c. Ewa Brzegowa-Florek<\/h2>\t\t<\/div>\n\t\t\t\t<\/div>\n\t\t\t\t<div class=\"elementor-element elementor-element-dd0dba3 elementor-widget elementor-widget-text-editor\" data-id=\"dd0dba3\" data-element_type=\"widget\" data-widget_type=\"text-editor.default\">\n\t\t\t\t<div class=\"elementor-widget-container\">\n\t\t\t\t\t\t\t\t<div class=\"elementor-text-editor elementor-clearfix\">\n\t\t\t\t<p style=\"text-align: justify; text-indent: 35.3pt; margin: 0cm 0cm 18.75pt 0cm;\"><span style=\"color: #0a0a0a;\">Posiada 22 letnie do\u015bwiadczenie zawodowe, w tym jako tutor, trener, coach, trener TUS i doradca dla os\u00f3b indywidualnych realizuj\u0105cych cele edukacyjne. Rozwijaj\u0105c sw\u00f3j warsztat w dziedzinach tutoringu, coachingu oraz socjoterapii na bie\u017c\u0105co stosuje skuteczne i rzadkie metody uczenia oraz wsparcia terapeutycznego.<\/span><\/p><p style=\"text-align: justify; text-indent: 35.3pt; margin: 0cm 0cm 18.75pt 0cm;\"><span style=\"color: #0a0a0a;\">Maj\u0105c tak du\u017ce do\u015bwiadczenie w profesjonalny spos\u00f3b przygotowuje do egzamin\u00f3w maturalnych i na studia wy\u017csze. Jej podopieczni osi\u0105gaj\u0105 najwy\u017csze wyniki i realizuj\u0105 swoje marzenia zawodowe.<\/span><\/p><p style=\"text-align: justify; text-indent: 35.3pt; margin: 0cm 0cm 18.75pt 0cm;\"><span style=\"color: #0a0a0a;\">Zdobyte do\u015bwiadczenie pozwoli\u0142o jej rozszerzy\u0107 sw\u00f3j profil \u015bwiadczonego wsparcia i zaj\u0105\u0107 si\u0119 indywidualnym i grupowym wspieraniem uczni\u00f3w w ich przygodzie w zdobywaniu wiedzy. Zawsze dzieli si\u0119 swoimi do\u015bwiadczeniami z osobami, kt\u00f3re z ni\u0105 wsp\u00f3\u0142pracuj\u0105 aby tworzy\u0107 nowoczesn\u0105 i skuteczn\u0105 jako\u015b\u0107 edukacji opieraj\u0105cej si\u0119 na wiedzy i podej\u015bciu socjoterapeutycznym.<\/span><\/p><p style=\"text-align: justify; text-indent: 35.3pt; margin: 0cm 0cm 18.75pt 0cm;\"><span style=\"color: #0a0a0a;\">Jest nauczycielem dyplomowanym i posiada 23 letnie do\u015bwiadczenie zawodowe, w tym jako tutor, coach, trener TUS, trener regulacji emocji i doradca dla os\u00f3b indywidualnych realizuj\u0105cych cele edukacyjne. Rozwijaj\u0105c sw\u00f3j warsztat w dziedzinach tutoringu, coachingu oraz socjoterapii na bie\u017c\u0105co stosuje skuteczne i rzadkie metody uczenia oraz wsparcia terapeutycznego swoich podopiecznych.<\/span><\/p><p style=\"text-align: justify; text-indent: 35.3pt; margin: 0cm 0cm 18.75pt 0cm;\"><span style=\"color: #0a0a0a;\">Maj\u0105c tak du\u017ce do\u015bwiadczenie i b\u0119d\u0105c egzaminatorem maturalnym w profesjonalny spos\u00f3b przygotowuje do egzamin\u00f3w maturalnych i na studia wy\u017csze. Jej podopieczni osi\u0105gaj\u0105 wysokie wyniki i realizuj\u0105 swoje marzenia zawodowe.<\/span><\/p><p style=\"text-align: justify; text-indent: 35.3pt; margin: 0cm 0cm 18.75pt 0cm;\"><span style=\"color: #0a0a0a;\">Zdobyte do\u015bwiadczenie pozwoli\u0142o jej rozszerzy\u0107 sw\u00f3j profil \u015bwiadczonego wsparcia i zaj\u0105\u0107 si\u0119 indywidualnym i grupowym wspieraniem uczni\u00f3w w ich przygodzie w zdobywaniu wiedzy. Zawsze dzieli si\u0119 swoimi do\u015bwiadczeniami z osobami, kt\u00f3re z ni\u0105 wsp\u00f3\u0142pracuj\u0105 aby tworzy\u0107 nowoczesn\u0105 i skuteczn\u0105 jako\u015b\u0107 edukacji opieraj\u0105cej si\u0119 na wiedzy i podej\u015bciu socjoterapeutycznym.<\/span><\/p><p style=\"text-align: justify; text-indent: 35.3pt; margin: 0cm 0cm 18.75pt 0cm;\"><span style=\"color: #0a0a0a;\">Stale rozwija swoje dodatkowe kompetencje w obszarze wsparcia terapeutycznego m\u0142odego \u015brodowiska poprzez uczestnictwo w wielu kursach, szkoleniach i studiach podyplomowych. Uko\u0144czy\u0142a m.in. kursy z treningu umiej\u0119tno\u015bci spo\u0142ecznych, treningu regulacji emocji i psychoterapii akceptacji i zaanga\u017cowania ACT. Aktualnie studiuje na dw\u00f3ch kierunkach studi\u00f3w podyplomowych &#8220;Coaching z elementami psychologii&#8221; i &#8220;Psychologia Kliniczna i psychoterapia&#8221;.<\/span><\/p><p style=\"text-align: justify; text-indent: 35.3pt; margin: 0cm 0cm 18.75pt 0cm;\"><span style=\"color: #0a0a0a;\">W swoim wolnym czasie lubi chodzi\u0107 do teatru, kina i Filharmonii gdzie cz\u0119sto zabiera ze sob\u0105 swoich podopiecznych. Moje Motto: <em>Nie wierz\u0119 w okoliczno\u015bci. Ludzie, kt\u00f3rzy radz\u0105 sobie w tym \u015bwiecie, to ci, kt\u00f3rzy wstaj\u0105 co dzie\u0144 rano i szukaj\u0105 okoliczno\u015bci, jakich potrzebuj\u0105, a je\u015bli nie mog\u0105 ich znale\u017a\u0107 \u2013 tworz\u0105 je.<br \/><br \/><\/em>George Bernard Shaw<\/span><\/p>\t\t\t\t\t<\/div>\n\t\t\t\t\t\t<\/div>\n\t\t\t\t<\/div>\n\t\t\t\t\t\t<\/div>\n\t\t\t\t\t<\/div>\n\t\t<\/div>\n\t\t\t\t\t\t\t\t<\/div>\n\t\t\t\t\t<\/div>\n\t\t<\/section>\n\t\t\t\t<section class=\"elementor-section elementor-top-section elementor-element elementor-element-6d473ae elementor-section-stretched elementor-section-boxed elementor-section-height-default elementor-section-height-default cd-bg-color-transparent\" data-id=\"6d473ae\" data-element_type=\"section\" data-settings=\"{&quot;stretch_section&quot;:&quot;section-stretched&quot;}\">\n\t\t\t\t\t\t<div class=\"elementor-container elementor-column-gap-default\">\n\t\t\t\t\t\t\t<div class=\"elementor-row\">\n\t\t\t\t\t<div class=\"elementor-column elementor-col-33 elementor-top-column elementor-element elementor-element-d1ac3a4 cd-bg-color-transparent\" data-id=\"d1ac3a4\" data-element_type=\"column\">\n\t\t\t<div class=\"elementor-column-wrap\">\n\t\t\t\t\t\t\t<div class=\"elementor-widget-wrap\">\n\t\t\t\t\t\t\t\t<\/div>\n\t\t\t\t\t<\/div>\n\t\t<\/div>\n\t\t\t\t<div class=\"elementor-column elementor-col-66 elementor-top-column elementor-element elementor-element-00cbb37 cd-bg-color-transparent\" data-id=\"00cbb37\" data-element_type=\"column\">\n\t\t\t<div class=\"elementor-column-wrap elementor-element-populated\">\n\t\t\t\t\t\t\t<div class=\"elementor-widget-wrap\">\n\t\t\t\t\t\t<div class=\"elementor-element elementor-element-13282cf elementor-widget elementor-widget-heading\" data-id=\"13282cf\" data-element_type=\"widget\" data-widget_type=\"heading.default\">\n\t\t\t\t<div class=\"elementor-widget-container\">\n\t\t\t<h2 class=\"elementor-heading-title elementor-size-default\">Mgr Katarzyna Szubart<\/h2>\t\t<\/div>\n\t\t\t\t<\/div>\n\t\t\t\t<div class=\"elementor-element elementor-element-07f3a76 elementor-widget elementor-widget-text-editor\" data-id=\"07f3a76\" data-element_type=\"widget\" data-widget_type=\"text-editor.default\">\n\t\t\t\t<div class=\"elementor-widget-container\">\n\t\t\t\t\t\t\t\t<div class=\"elementor-text-editor elementor-clearfix\">\n\t\t\t\t<p style=\"text-align: justify; text-indent: 35.3pt; margin: 0cm 0cm 18.75pt 0cm;\"><span style=\"color: #0a0a0a;\">Psycholog, psychoterapeuta, absolwentka Szko\u0142y Wy\u017cszej Psychologii Spo\u0142ecznej w Warszawie \u2013 specjalizacja psychologia kliniczna. Obecnie jest w trakcie 4-letniego szkolenia prowadz\u0105cego do uzyskania certyfikatu psychoterapeuty poznawczo \u2013 behawioralnego, kt\u00f3re realizuje w Szkole Wy\u017cszej Psychologii Spo\u0142ecznej z siedzib\u0105 w Rzeszowie pod kierownictwem dr hab. Agnieszki Popiel i dr Ewy Prag\u0142owskiej. Nale\u017cy do Polskiego Towarzystwa Psychoterapii Poznawczo \u2013 Behawioralnej. Uko\u0144czy\u0142a studia podyplomowe z zakresu Seksuologii Klinicznej. Uzyska\u0142a Certyfication of Completion of EMDR Europe Level 1 prowadzonego przez Dr Dereka Farrella EMDR Europe Accredited Trainer. Odby\u0142a roczne szkolenie w terapii behawioralno-poznawczej zaburze\u0144 dzieci i m\u0142odzie\u017cy w CTBP Warszawie. Przesz\u0142a kurs I-go stopnia w zakresie Integracji Sensorycznej w PSTIS w Warszawie, Certyfikowany kurs \u201eNeuropsychologia Kliniczna Dziecka Teoria i Praktyka\u201d pod kierunkiem prof. UMCS, dr hab. Anety Borkowskiej zorganizowanym przez Centrum CBT EDU w Warszawie oraz szkolenie z leczenia zaburze\u0144 potraumatycznych metodami zorientowanymi na traum\u0119 terapii poznawczo-behawioralnej we wszystkich grupach wiekowych. Do\u015bwiadczenie zawodowe zdobywa\u0142a pracuj\u0105c w Poradni Zdrowia Psychicznego, Oddziale Dziennym Rehabilitacji Psychiatrycznej dla Dzieci i M\u0142odzie\u017cy w Rzeszowie oraz Klinicznym Oddziale Psychiatrycznym dla dzieci i M\u0142odzie\u017cy w \u0141a\u0144cucie.<\/span><\/p>\n<p style=\"text-align: justify; text-indent: 35.3pt; margin: 0cm 0cm 18.75pt 0cm;\"><span style=\"color: #0a0a0a;\">Stale poszerza swoje umiej\u0119tno\u015bci uczestnicz\u0105c w licznych szkoleniach, konferencjach naukowych oraz superwizuj\u0105c swoj\u0105 prac\u0119 pod kierunkiem certyfikowanych superwizor\u00f3w.<\/span><\/p>\n<p style=\"text-align: justify; text-indent: 35.3pt; margin: 0cm 0cm 18.75pt 0cm;\"><span style=\"color: #0a0a0a;\">Specjalizuje si\u0119 w pracy terapeutycznej dzieci i m\u0142odzie\u017cy.<\/span><\/p>\t\t\t\t\t<\/div>\n\t\t\t\t\t\t<\/div>\n\t\t\t\t<\/div>\n\t\t\t\t\t\t<\/div>\n\t\t\t\t\t<\/div>\n\t\t<\/div>\n\t\t\t\t\t\t\t\t<\/div>\n\t\t\t\t\t<\/div>\n\t\t<\/section>\n\t\t\t\t<section class=\"elementor-section elementor-top-section elementor-element elementor-element-d57ef25 elementor-section-stretched elementor-section-boxed elementor-section-height-default elementor-section-height-default cd-bg-color-transparent\" data-id=\"d57ef25\" data-element_type=\"section\" data-settings=\"{&quot;stretch_section&quot;:&quot;section-stretched&quot;}\">\n\t\t\t\t\t\t<div class=\"elementor-container elementor-column-gap-default\">\n\t\t\t\t\t\t\t<div class=\"elementor-row\">\n\t\t\t\t\t<div class=\"elementor-column elementor-col-50 elementor-top-column elementor-element elementor-element-e369214 cd-bg-color-transparent\" data-id=\"e369214\" data-element_type=\"column\">\n\t\t\t<div class=\"elementor-column-wrap\">\n\t\t\t\t\t\t\t<div class=\"elementor-widget-wrap\">\n\t\t\t\t\t\t\t\t<\/div>\n\t\t\t\t\t<\/div>\n\t\t<\/div>\n\t\t\t\t<div class=\"elementor-column elementor-col-50 elementor-top-column elementor-element elementor-element-b93e13f cd-bg-color-transparent\" data-id=\"b93e13f\" data-element_type=\"column\">\n\t\t\t<div class=\"elementor-column-wrap elementor-element-populated\">\n\t\t\t\t\t\t\t<div class=\"elementor-widget-wrap\">\n\t\t\t\t\t\t<div class=\"elementor-element elementor-element-243b1e3 elementor-widget elementor-widget-heading\" data-id=\"243b1e3\" data-element_type=\"widget\" data-widget_type=\"heading.default\">\n\t\t\t\t<div class=\"elementor-widget-container\">\n\t\t\t<h2 class=\"elementor-heading-title elementor-size-default\">Mgr Magdalena B\u0142aszczyk<\/h2>\t\t<\/div>\n\t\t\t\t<\/div>\n\t\t\t\t<div class=\"elementor-element elementor-element-3b41614 elementor-widget elementor-widget-text-editor\" data-id=\"3b41614\" data-element_type=\"widget\" data-widget_type=\"text-editor.default\">\n\t\t\t\t<div class=\"elementor-widget-container\">\n\t\t\t\t\t\t\t\t<div class=\"elementor-text-editor elementor-clearfix\">\n\t\t\t\t<p style=\"text-align: justify; text-indent: 35.3pt; margin: 0cm 0cm 18.75pt 0cm;\"><span style=\"color: #0a0a0a;\">Psychodietetyk, absolwentka studi\u00f3w na kierunkach: Zdrowie Publiczne, Zarz\u0105dzanie zdrowym stylem \u017cycia \u2013 Wellness, Dietetyka, Psychodietetyka, na uczelniach wy\u017cszych w Rzeszowie i Lublinie.<\/span><\/p><p style=\"text-align: justify; text-indent: 35.3pt; margin: 0cm 0cm 18.75pt 0cm;\"><span style=\"color: #0a0a0a;\">Za\u0142o\u017cy\u0142a i prowadzi praktycznie i merytorycznie poradnie dietetyczne wspieraj\u0105ce dzieci oraz doros\u0142ych zmagaj\u0105cych si\u0119 z zaburzeniami od\u017cywiania, chorobami dietozale\u017cnymi, autoimmunologicznymi, z nadwag\u0105 i oty\u0142o\u015bci\u0105, alergiami i nietolerancjami pokarmowymi.<\/span><\/p><p style=\"text-align: justify; text-indent: 35.3pt; margin: 0cm 0cm 18.75pt 0cm;\"><span style=\"color: #0a0a0a;\">Na co dzie\u0144 stara si\u0119 udowadnia\u0107 swoim pacjentom, \u017ce bez wzgl\u0119du na to, jakim relacjom z jedzeniem stawiaj\u0105 czo\u0142a \u2013 dobry plan dzia\u0142ania, silna wola i konsekwencja w dzia\u0142aniu to skuteczna droga do osi\u0105gni\u0119cia wyznaczonego celu.<\/span><\/p><p style=\"text-align: justify; text-indent: 35.3pt; margin: 0cm 0cm 18.75pt 0cm;\"><span style=\"color: #0a0a0a;\">Jej najliczniejsi dotychczasowi przeciwnicy to: anoreksja, bulimia, ortoreksja, bigoreksja, pregoreksja, kompulsywne objadanie; niedowaga, nadwaga, oty\u0142o\u015b\u0107,choroby uk\u0142adu kr\u0105\u017cenia oraz choroby metaboliczne.<\/span><\/p><p style=\"text-align: justify; text-indent: 35.3pt; margin: 0cm 0cm 18.75pt 0cm;\"><span style=\"color: #0a0a0a;\">Dzi\u0119ki do\u015bwiadczeniu pozostaj\u0119 w gotowo\u015bci, by zmierzy\u0107 si\u0119 z kolejnymi.<\/span><\/p>\t\t\t\t\t<\/div>\n\t\t\t\t\t\t<\/div>\n\t\t\t\t<\/div>\n\t\t\t\t\t\t<\/div>\n\t\t\t\t\t<\/div>\n\t\t<\/div>\n\t\t\t\t\t\t\t\t<\/div>\n\t\t\t\t\t<\/div>\n\t\t<\/section>\n\t\t\t\t\t\t\t\t\t<\/div>\n\t\t\t<\/div>\n\t\t\t\t\t<\/div>\n\t\t","protected":false},"excerpt":{"rendered":"<p>lek. Edyta Brzegowa-Marsza\u0142ek Specjalista psychiatrii dzieci i m\u0142odzie\u017cy. Studia medyczne uko\u0144czy\u0142a w 2015r. na I Wydziale Lekarskim z Oddzia\u0142em Stomatologicznym Uniwersytetu Medycznego w Lublinie. W lutym 2017r. rozpocz\u0119\u0142a specjalizacj\u0119 z psychiatrii dzieci i m\u0142odzie\u017cy w Dziennym Oddziale Rehabilitacji Psychiatrycznej Dzieci i M\u0142odzie\u017cy przy KSW nr 2 w Rzeszowie odbywaj\u0105c liczne sta\u017ce, zgodnie z programem specjalizacji. [&hellip;]<\/p>\n","protected":false},"author":1,"featured_media":0,"parent":0,"menu_order":0,"comment_status":"closed","ping_status":"closed","template":"elementor_header_footer","meta":{"footnotes":""},"class_list":["post-162","page","type-page","status-publish","hentry","without-image"],"_links":{"self":[{"href":"http:\/\/happy-way.pl\/index.php\/wp-json\/wp\/v2\/pages\/162","targetHints":{"allow":["GET"]}}],"collection":[{"href":"http:\/\/happy-way.pl\/index.php\/wp-json\/wp\/v2\/pages"}],"about":[{"href":"http:\/\/happy-way.pl\/index.php\/wp-json\/wp\/v2\/types\/page"}],"author":[{"embeddable":true,"href":"http:\/\/happy-way.pl\/index.php\/wp-json\/wp\/v2\/users\/1"}],"replies":[{"embeddable":true,"href":"http:\/\/happy-way.pl\/index.php\/wp-json\/wp\/v2\/comments?post=162"}],"version-history":[{"count":109,"href":"http:\/\/happy-way.pl\/index.php\/wp-json\/wp\/v2\/pages\/162\/revisions"}],"predecessor-version":[{"id":4262,"href":"http:\/\/happy-way.pl\/index.php\/wp-json\/wp\/v2\/pages\/162\/revisions\/4262"}],"wp:attachment":[{"href":"http:\/\/happy-way.pl\/index.php\/wp-json\/wp\/v2\/media?parent=162"}],"curies":[{"name":"wp","href":"https:\/\/api.w.org\/{rel}","templated":true}]}}